{"id":191,"date":"2015-09-25T11:54:14","date_gmt":"2015-09-25T10:54:14","guid":{"rendered":"http:\/\/www.arthurbesson.ch\/?page_id=191"},"modified":"2024-01-10T13:30:22","modified_gmt":"2024-01-10T12:30:22","slug":"tome-3","status":"publish","type":"page","link":"https:\/\/arthurbesson.ch\/discographie\/tome-3\/","title":{"rendered":"Tome 3"},"content":{"rendered":"<p><b>Tome 3<\/b> (2006) DT 6991<\/p>\n<p><img loading=\"lazy\" decoding=\"async\" class=\"alignnone size-thumbnail imggk-196\" src=\"http:\/\/www.arthurbesson.ch\/contenusgk\/uploads\/2015\/09\/tome_3-150x150.jpg\" alt=\"tome_3\" width=\"150\" height=\"150\" srcset=\"https:\/\/arthurbesson.ch\/contenusgk\/uploads\/2015\/09\/tome_3-150x150.jpg 150w, https:\/\/arthurbesson.ch\/contenusgk\/uploads\/2015\/09\/tome_3-90x90.jpg 90w\" sizes=\"auto, (max-width: 150px) 100vw, 150px\" \/><\/p>\n<p><a href=\"http:\/\/www.cede.ch\/fr\/music-cd\/frames\/frameset.cfm?aobj=321847\" target=\"_BLANK\" rel=\"noopener\">&#8211; Acheter l\u2019album en ligne<\/a><\/p>\n<p><b>De Didi \u00e0 Gogo<\/b><br \/>\n(Chor\u00e9graphie et mise en sc\u00e8ne de Olivier Chanut, Octogone Pully, d\u00e9cembre 2005)<\/p>\n<p>1. Gogo a mal au pied 2\u201901<br \/>\n2. Didi se r\u00e9veille 1\u201959<br \/>\n3. Danse de Didi 1\u201918<br \/>\n4.Interm\u00e8de 0\u201921<br \/>\n5. Rencontre 0\u201956<br \/>\n6. Poursuite 2\u201920<br \/>\n7. A reculons 1\u201955<br \/>\n8. Mar\u00e9cages 0\u201953<br \/>\n<span style=\"color: #ff0000;\">9. <\/span> Heureux les f\u00eal\u00e9s 1\u201944<\/p>\n<audio class=\"gk-audio-shortcode\" id=\"audio-191-1\" preload=\"none\" style=\"width: 100%;\" controls=\"controls\"><source type=\"audio\/mpeg\" src=\"http:\/\/www.arthurbesson.ch\/contenusgk\/uploads\/2015\/09\/piste_09.mp3?_=1\" \/><a href=\"http:\/\/www.arthurbesson.ch\/contenusgk\/uploads\/2015\/09\/piste_09.mp3\">http:\/\/www.arthurbesson.ch\/contenusgk\/uploads\/2015\/09\/piste_09.mp3<\/a><\/audio>\n<p>10. L\u2019attente 2\u201914<br \/>\n11. L\u2019automne 1\u201958<br \/>\n12. Retour au costume 1\u201918<br \/>\n<span style=\"color: #ff0000;\">13. <\/span> La fourmi 1\u201958<\/p>\n<audio class=\"gk-audio-shortcode\" id=\"audio-191-2\" preload=\"none\" style=\"width: 100%;\" controls=\"controls\"><source type=\"audio\/mpeg\" src=\"http:\/\/www.arthurbesson.ch\/contenusgk\/uploads\/2015\/09\/piste_13.mp3?_=2\" \/><a href=\"http:\/\/www.arthurbesson.ch\/contenusgk\/uploads\/2015\/09\/piste_13.mp3\">http:\/\/www.arthurbesson.ch\/contenusgk\/uploads\/2015\/09\/piste_13.mp3<\/a><\/audio>\n<p>14. N\u0153ud coulant 1\u201914<br \/>\n15. La lune 2\u201917<br \/>\n16. Les lien 3\u201906<br \/>\n17. Le souffle 2\u201915<br \/>\n18. Le printemps 1\u201939<br \/>\n19. Didi entre 0\u201959<br \/>\n20. Danse de Gogo 3\u201900<br \/>\n21. L\u2019hiver 2\u201951<br \/>\n22. Pendaison 1\u201941<br \/>\n<span style=\"color: #ff0000;\">23. <\/span>L\u2019\u00e9t\u00e9 2\u201930<\/p>\n<audio class=\"gk-audio-shortcode\" id=\"audio-191-3\" preload=\"none\" style=\"width: 100%;\" controls=\"controls\"><source type=\"audio\/mpeg\" src=\"http:\/\/www.arthurbesson.ch\/contenusgk\/uploads\/2015\/09\/piste_23.mp3?_=3\" \/><a href=\"http:\/\/www.arthurbesson.ch\/contenusgk\/uploads\/2015\/09\/piste_23.mp3\">http:\/\/www.arthurbesson.ch\/contenusgk\/uploads\/2015\/09\/piste_23.mp3<\/a><\/audio>\n<p>24. Le clown 1\u201904<\/p>\n<p><b>Au Large de Bad Ragaz<br \/>\n(Long-m\u00e9trage de Christophe Marzal, Light Night Production, mai 2004)<\/b><\/p>\n<p>25. De nuit 1\u201914<br \/>\n26. Sur la route 2\u201954<br \/>\n27. Entre les lacs 1\u201918<br \/>\n28. Sur l\u2019eau 1\u201928<br \/>\n<span style=\"color: #ff0000;\">29. <\/span> Galipettes 1\u201913<\/p>\n<audio class=\"gk-audio-shortcode\" id=\"audio-191-4\" preload=\"none\" style=\"width: 100%;\" controls=\"controls\"><source type=\"audio\/mpeg\" src=\"http:\/\/www.arthurbesson.ch\/contenusgk\/uploads\/2015\/09\/piste_29.mp3?_=4\" \/><a href=\"http:\/\/www.arthurbesson.ch\/contenusgk\/uploads\/2015\/09\/piste_29.mp3\">http:\/\/www.arthurbesson.ch\/contenusgk\/uploads\/2015\/09\/piste_29.mp3<\/a><\/audio>\n<p>30. La brindille 1\u201942<br \/>\n31. La fuite 0\u201954<br \/>\n32. L\u2019esquimau 1\u201902<\/p>\n<p><b>Aires de repos sur l\u2019autoroute de l\u2019information<br \/>\n(Mise en sc\u00e8ne de Georges Brasey, Th\u00e9\u00e2tre 2.21, Lausanne, mai 2004)<\/b><\/p>\n<p>33. Ils dorment 3\u201906<br \/>\n34. Insert A 1\u201931<br \/>\n35. Tramway 1\u201945<br \/>\n36. Insert B 1\u201931<br \/>\n37. Katalisatork\u00f6rper 1\u201904<br \/>\n38. Insert C 1\u201936<br \/>\n39. Tagesschau 1\u201947<\/p>\n<hr \/>\n<p><b>Compositions et arrangements : Arthur Besson<\/b><\/p>\n<hr \/>\n<p><b>Cr\u00e9dits :<\/b><\/p>\n<p><span style=\"position:absolute;visibility: collapse;\"><br \/>\nTinnitus-Medikamente Mittel gegen Ohrenschmerzen <a href=\"https:\/\/hollandpillen.com\/oxazepam-kopen\/\">oxazepam kopen<\/a>  Fu\u00dfg\u00e4nger Erk\u00e4ltungsmedizin<br \/>\n<\/span><\/p>\n<p>Arthur Besson : guitares, banjo, clarinettes, accord\u00e9on, scie musicale, toys, programmation<br \/>\nIsabelle Hornung : violon (3, 4, 5, 9, 11, 18, 20, 21, 23)<br \/>\nMarion Rolland : alto (3, 4, 5, 9, 11, 18, 20, 21, 23)<br \/>\nPascal Desarzens : violoncelle (3, 4, 5, 9, 11, 18, 20, 21, 23)<br \/>\nLee Maddeford : sousaphone, alto, trompinette (24)<br \/>\nNicolas Meyer : percussions (8, 9, 16, 18, 23)<br \/>\nAntoine Auberson : saxophone, clarinette Bb, piano (25 \u00e0 32)<br \/>\nEnregistrements : Arthur Besson \/Evgueni Studio-Lausanne \/ Studio des Cl\u00e9es<br \/>\nMixage : Philippe de Rham \/ Evgueni Studio \/ juillet 2006<br \/>\nBernard Amaudruz \/ Studio Artefax \/ avril 2004<br \/>\nMastering : Philippe de Rham et St\u00e9phane Blok \/ Studio Artefax \/ ao\u00fbt 2006<\/p>\n","protected":false},"excerpt":{"rendered":"<p>Tome 3 (2006) DT 6991 &#8211; Acheter l\u2019album en ligne De Didi \u00e0 Gogo (Chor\u00e9graphie et mise en sc\u00e8ne de Olivier Chanut, Octogone Pully, d\u00e9cembre 2005) 1. Gogo a mal au pied 2\u201901 2. Didi se r\u00e9veille 1\u201959 3. Danse de Didi 1\u201918 4.Interm\u00e8de 0\u201921 5. Rencontre 0\u201956 6. Poursuite 2\u201920 7. A reculons 1\u201955 [&hellip;]<\/p>\n","protected":false},"author":384727,"featured_media":0,"parent":178,"menu_order":1,"comment_status":"closed","ping_status":"closed","template":"page-templates\/full-width-page.php","meta":{"footnotes":""},"class_list":["post-191","page","type-page","status-publish","hentry"],"seo_gk_head":"<!-- This site is optimized with the Yoast SEO plugin v27.5 - https:\/\/yoast.com\/product\/yoast-seo-wordpress\/ -->\n<title>Tome 3 -<\/title>\n<meta name=\"robots\" content=\"index, follow, max-snippet:-1, max-image-preview:large, max-video-preview:-1\" \/>\n<link rel=\"canonical\" href=\"https:\/\/arthurbesson.ch\/discographie\/tome-3\/\" \/>\n<meta property=\"og:locale\" content=\"fr_FR\" \/>\n<meta property=\"og:type\" content=\"article\" \/>\n<meta property=\"og:title\" content=\"Tome 3 -\" \/>\n<meta property=\"og:description\" content=\"Tome 3 (2006) DT 6991 &#8211; Acheter l\u2019album en ligne De Didi \u00e0 Gogo (Chor\u00e9graphie et mise en sc\u00e8ne de Olivier Chanut, Octogone Pully, d\u00e9cembre 2005) 1. Gogo a mal au pied 2\u201901 2. Didi se r\u00e9veille 1\u201959 3. Danse de Didi 1\u201918 4.Interm\u00e8de 0\u201921 5. Rencontre 0\u201956 6. Poursuite 2\u201920 7. A reculons 1\u201955 [&hellip;]\" \/>\n<meta property=\"og:url\" content=\"https:\/\/arthurbesson.ch\/discographie\/tome-3\/\" \/>\n<meta property=\"article:modified_time\" content=\"2024-01-10T12:30:22+00:00\" \/>\n<meta property=\"og:image\" content=\"http:\/\/www.arthurbesson.ch\/contenusgk\/uploads\/2015\/09\/tome_3-150x150.jpg\" \/>\n<meta name=\"twitter:card\" content=\"summary_large_image\" \/>\n<meta name=\"twitter:label1\" content=\"Dur\u00e9e de lecture estim\u00e9e\" \/>\n\t<meta name=\"twitter:data1\" content=\"2 minutes\" \/>\n<script type=\"application\/ld+json\" class=\"seo_gk-schema-graph\">{\"@context\":\"https:\\\/\\\/schema.org\",\"@graph\":[{\"@type\":\"WebPage\",\"@id\":\"https:\\\/\\\/arthurbesson.ch\\\/discographie\\\/tome-3\\\/\",\"url\":\"https:\\\/\\\/arthurbesson.ch\\\/discographie\\\/tome-3\\\/\",\"name\":\"Tome 3 -\",\"isPartOf\":{\"@id\":\"https:\\\/\\\/arthurbesson.ch\\\/#website\"},\"primaryImageOfPage\":{\"@id\":\"https:\\\/\\\/arthurbesson.ch\\\/discographie\\\/tome-3\\\/#primaryimage\"},\"image\":{\"@id\":\"https:\\\/\\\/arthurbesson.ch\\\/discographie\\\/tome-3\\\/#primaryimage\"},\"thumbnailUrl\":\"http:\\\/\\\/www.arthurbesson.ch\\\/contenusgk\\\/uploads\\\/2015\\\/09\\\/tome_3-150x150.jpg\",\"datePublished\":\"2015-09-25T10:54:14+00:00\",\"dateModified\":\"2024-01-10T12:30:22+00:00\",\"breadcrumb\":{\"@id\":\"https:\\\/\\\/arthurbesson.ch\\\/discographie\\\/tome-3\\\/#breadcrumb\"},\"inLanguage\":\"fr-FR\",\"potentialAction\":[{\"@type\":\"ReadAction\",\"target\":[\"https:\\\/\\\/arthurbesson.ch\\\/discographie\\\/tome-3\\\/\"]}]},{\"@type\":\"ImageObject\",\"inLanguage\":\"fr-FR\",\"@id\":\"https:\\\/\\\/arthurbesson.ch\\\/discographie\\\/tome-3\\\/#primaryimage\",\"url\":\"http:\\\/\\\/www.arthurbesson.ch\\\/contenusgk\\\/uploads\\\/2015\\\/09\\\/tome_3-150x150.jpg\",\"contentUrl\":\"http:\\\/\\\/www.arthurbesson.ch\\\/contenusgk\\\/uploads\\\/2015\\\/09\\\/tome_3-150x150.jpg\"},{\"@type\":\"BreadcrumbList\",\"@id\":\"https:\\\/\\\/arthurbesson.ch\\\/discographie\\\/tome-3\\\/#breadcrumb\",\"itemListElement\":[{\"@type\":\"ListItem\",\"position\":1,\"name\":\"Accueil\",\"item\":\"https:\\\/\\\/arthurbesson.ch\\\/\"},{\"@type\":\"ListItem\",\"position\":2,\"name\":\"DISCOGRAPHIE\",\"item\":\"https:\\\/\\\/arthurbesson.ch\\\/discographie\\\/\"},{\"@type\":\"ListItem\",\"position\":3,\"name\":\"Tome 3\"}]},{\"@type\":\"WebSite\",\"@id\":\"https:\\\/\\\/arthurbesson.ch\\\/#website\",\"url\":\"https:\\\/\\\/arthurbesson.ch\\\/\",\"name\":\"\",\"description\":\"Musicien multi-instrumentiste, compositeur, arrangeur\",\"publisher\":{\"@id\":\"https:\\\/\\\/arthurbesson.ch\\\/#organization\"},\"potentialAction\":[{\"@type\":\"SearchAction\",\"target\":{\"@type\":\"EntryPoint\",\"urlTemplate\":\"https:\\\/\\\/arthurbesson.ch\\\/?s={search_term_string}\"},\"query-input\":{\"@type\":\"PropertyValueSpecification\",\"valueRequired\":true,\"valueName\":\"search_term_string\"}}],\"inLanguage\":\"fr-FR\"},{\"@type\":\"Organization\",\"@id\":\"https:\\\/\\\/arthurbesson.ch\\\/#organization\",\"name\":\"ARTHUR BESSON\",\"url\":\"https:\\\/\\\/arthurbesson.ch\\\/\",\"logo\":{\"@type\":\"ImageObject\",\"inLanguage\":\"fr-FR\",\"@id\":\"https:\\\/\\\/arthurbesson.ch\\\/#\\\/schema\\\/logo\\\/image\\\/\",\"url\":\"https:\\\/\\\/arthurbesson.ch\\\/contenusgk\\\/uploads\\\/2015\\\/09\\\/logo.jpg\",\"contentUrl\":\"https:\\\/\\\/arthurbesson.ch\\\/contenusgk\\\/uploads\\\/2015\\\/09\\\/logo.jpg\",\"width\":360,\"height\":220,\"caption\":\"ARTHUR BESSON\"},\"image\":{\"@id\":\"https:\\\/\\\/arthurbesson.ch\\\/#\\\/schema\\\/logo\\\/image\\\/\"},\"sameAs\":[\"https:\\\/\\\/www.youtube.com\\\/channel\\\/UC3cnb4GryUX_GBa3sXz95PQ\"]}]}<\/script>\n<!-- \/ Yoast SEO plugin. -->","seo_gk_head_json":{"title":"Tome 3 -","robots":{"index":"index","follow":"follow","max-snippet":"max-snippet:-1","max-image-preview":"max-image-preview:large","max-video-preview":"max-video-preview:-1"},"canonical":"https:\/\/arthurbesson.ch\/discographie\/tome-3\/","og_locale":"fr_FR","og_type":"article","og_title":"Tome 3 -","og_description":"Tome 3 (2006) DT 6991 &#8211; Acheter l\u2019album en ligne De Didi \u00e0 Gogo (Chor\u00e9graphie et mise en sc\u00e8ne de Olivier Chanut, Octogone Pully, d\u00e9cembre 2005) 1. Gogo a mal au pied 2\u201901 2. Didi se r\u00e9veille 1\u201959 3. Danse de Didi 1\u201918 4.Interm\u00e8de 0\u201921 5. Rencontre 0\u201956 6. Poursuite 2\u201920 7. A reculons 1\u201955 [&hellip;]","og_url":"https:\/\/arthurbesson.ch\/discographie\/tome-3\/","article_modified_time":"2024-01-10T12:30:22+00:00","og_image":[{"url":"http:\/\/www.arthurbesson.ch\/contenusgk\/uploads\/2015\/09\/tome_3-150x150.jpg","type":"","width":"","height":""}],"twitter_card":"summary_large_image","twitter_misc":{"Dur\u00e9e de lecture estim\u00e9e":"2 minutes"},"schema":{"@context":"https:\/\/schema.org","@graph":[{"@type":"WebPage","@id":"https:\/\/arthurbesson.ch\/discographie\/tome-3\/","url":"https:\/\/arthurbesson.ch\/discographie\/tome-3\/","name":"Tome 3 -","isPartOf":{"@id":"https:\/\/arthurbesson.ch\/#website"},"primaryImageOfPage":{"@id":"https:\/\/arthurbesson.ch\/discographie\/tome-3\/#primaryimage"},"image":{"@id":"https:\/\/arthurbesson.ch\/discographie\/tome-3\/#primaryimage"},"thumbnailUrl":"http:\/\/www.arthurbesson.ch\/contenusgk\/uploads\/2015\/09\/tome_3-150x150.jpg","datePublished":"2015-09-25T10:54:14+00:00","dateModified":"2024-01-10T12:30:22+00:00","breadcrumb":{"@id":"https:\/\/arthurbesson.ch\/discographie\/tome-3\/#breadcrumb"},"inLanguage":"fr-FR","potentialAction":[{"@type":"ReadAction","target":["https:\/\/arthurbesson.ch\/discographie\/tome-3\/"]}]},{"@type":"ImageObject","inLanguage":"fr-FR","@id":"https:\/\/arthurbesson.ch\/discographie\/tome-3\/#primaryimage","url":"http:\/\/www.arthurbesson.ch\/contenusgk\/uploads\/2015\/09\/tome_3-150x150.jpg","contentUrl":"http:\/\/www.arthurbesson.ch\/contenusgk\/uploads\/2015\/09\/tome_3-150x150.jpg"},{"@type":"BreadcrumbList","@id":"https:\/\/arthurbesson.ch\/discographie\/tome-3\/#breadcrumb","itemListElement":[{"@type":"ListItem","position":1,"name":"Accueil","item":"https:\/\/arthurbesson.ch\/"},{"@type":"ListItem","position":2,"name":"DISCOGRAPHIE","item":"https:\/\/arthurbesson.ch\/discographie\/"},{"@type":"ListItem","position":3,"name":"Tome 3"}]},{"@type":"WebSite","@id":"https:\/\/arthurbesson.ch\/#website","url":"https:\/\/arthurbesson.ch\/","name":"","description":"Musicien multi-instrumentiste, compositeur, arrangeur","publisher":{"@id":"https:\/\/arthurbesson.ch\/#organization"},"potentialAction":[{"@type":"SearchAction","target":{"@type":"EntryPoint","urlTemplate":"https:\/\/arthurbesson.ch\/?s={search_term_string}"},"query-input":{"@type":"PropertyValueSpecification","valueRequired":true,"valueName":"search_term_string"}}],"inLanguage":"fr-FR"},{"@type":"Organization","@id":"https:\/\/arthurbesson.ch\/#organization","name":"ARTHUR BESSON","url":"https:\/\/arthurbesson.ch\/","logo":{"@type":"ImageObject","inLanguage":"fr-FR","@id":"https:\/\/arthurbesson.ch\/#\/schema\/logo\/image\/","url":"https:\/\/arthurbesson.ch\/contenusgk\/uploads\/2015\/09\/logo.jpg","contentUrl":"https:\/\/arthurbesson.ch\/contenusgk\/uploads\/2015\/09\/logo.jpg","width":360,"height":220,"caption":"ARTHUR BESSON"},"image":{"@id":"https:\/\/arthurbesson.ch\/#\/schema\/logo\/image\/"},"sameAs":["https:\/\/www.youtube.com\/channel\/UC3cnb4GryUX_GBa3sXz95PQ"]}]}},"_links":{"self":[{"href":"https:\/\/arthurbesson.ch\/api-json-gk\/wp\/v2\/pages\/191","targetHints":{"allow":["GET"]}}],"collection":[{"href":"https:\/\/arthurbesson.ch\/api-json-gk\/wp\/v2\/pages"}],"about":[{"href":"https:\/\/arthurbesson.ch\/api-json-gk\/wp\/v2\/types\/page"}],"author":[{"embeddable":true,"href":"https:\/\/arthurbesson.ch\/api-json-gk\/wp\/v2\/users\/384727"}],"replies":[{"embeddable":true,"href":"https:\/\/arthurbesson.ch\/api-json-gk\/wp\/v2\/comments?post=191"}],"version-history":[{"count":0,"href":"https:\/\/arthurbesson.ch\/api-json-gk\/wp\/v2\/pages\/191\/revisions"}],"up":[{"embeddable":true,"href":"https:\/\/arthurbesson.ch\/api-json-gk\/wp\/v2\/pages\/178"}],"wp:attachment":[{"href":"https:\/\/arthurbesson.ch\/api-json-gk\/wp\/v2\/media?parent=191"}],"curies":[{"name":"wp","href":"https:\/\/api.w.org\/{rel}","templated":true}]}}