{"id":202,"date":"2015-09-25T12:08:37","date_gmt":"2015-09-25T11:08:37","guid":{"rendered":"http:\/\/www.arthurbesson.ch\/?page_id=202"},"modified":"2016-10-03T09:16:41","modified_gmt":"2016-10-03T08:16:41","slug":"musiques-pour-le-peuple","status":"publish","type":"page","link":"https:\/\/arthurbesson.ch\/discographie\/musiques-pour-le-peuple\/","title":{"rendered":"Musiques pour le Peuple"},"content":{"rendered":"<p><strong>Musiques pour le Peuple<\/strong> (2006) DT 6990<\/p>\n<p><img loading=\"lazy\" decoding=\"async\" class=\"alignnone size-thumbnail imggk-203\" src=\"http:\/\/www.arthurbesson.ch\/contenusgk\/uploads\/2015\/09\/musiques_peuple-150x150.jpg\" alt=\"musiques_peuple\" width=\"150\" height=\"150\" srcset=\"https:\/\/arthurbesson.ch\/contenusgk\/uploads\/2015\/09\/musiques_peuple-150x150.jpg 150w, https:\/\/arthurbesson.ch\/contenusgk\/uploads\/2015\/09\/musiques_peuple-90x90.jpg 90w\" sizes=\"auto, (max-width: 150px) 100vw, 150px\" \/><\/p>\n<p><a href=\"http:\/\/www.cede.ch\/fr\/music-cd\/frames\/frameset.cfm?aobj=321846\" target=\"_BLANK\">&#8211; Acheter l\u2019album en ligne<\/a><\/p>\n<p><b>Musiques pour le metteur en sc\u00e8ne Christophe Rauck<\/b><br \/>\nSpectacles cr\u00e9\u00e9s en juillet 2003, 2004 et 2005 au Th\u00e9\u00e2tre du Peuple de Bussang<\/p>\n<p><b>La Vie de Galil\u00e9e (2004)<\/b><\/p>\n<p>1. Et maintenant\u2026* 1\u201951<br \/>\n<span style=\"color: #ff0000;\">2. <\/span>La pomme 2\u201930<audio class=\"gk-audio-shortcode\" id=\"audio-202-1\" preload=\"none\" style=\"width: 100%;\" controls=\"controls\"><source type=\"audio\/mpeg\" src=\"http:\/\/www.arthurbesson.ch\/contenusgk\/uploads\/2015\/09\/piste_02.mp3?_=1\" \/><a href=\"http:\/\/www.arthurbesson.ch\/contenusgk\/uploads\/2015\/09\/piste_02.mp3\">http:\/\/www.arthurbesson.ch\/contenusgk\/uploads\/2015\/09\/piste_02.mp3<\/a><\/audio>3. Gratia dei 2\u201902<br \/>\n4. Le Saint-Office 1\u201918<br \/>\n5. P\u2019tit Duc 1\u201943<br \/>\n6. Le collegium 2\u201904<br \/>\n7. Le bal 2\u201920<br \/>\n8. Je dois savoir 1\u201916<br \/>\n9. Coudre un trousseau 1\u201953<br \/>\n10. Suspense 1\u201940<br \/>\n11. Malheureux le pays 2\u201953<br \/>\n<span style=\"color: #ff0000;\">12. <\/span> Andrea 3\u201904<audio class=\"gk-audio-shortcode\" id=\"audio-202-2\" preload=\"none\" style=\"width: 100%;\" controls=\"controls\"><source type=\"audio\/mpeg\" src=\"http:\/\/www.arthurbesson.ch\/contenusgk\/uploads\/2015\/09\/piste_12.mp3?_=2\" \/><a href=\"http:\/\/www.arthurbesson.ch\/contenusgk\/uploads\/2015\/09\/piste_12.mp3\">http:\/\/www.arthurbesson.ch\/contenusgk\/uploads\/2015\/09\/piste_12.mp3<\/a><\/audio><\/p>\n<p><b> Le Dragon (2003)<\/b><\/p>\n<p>13. Le chat 2\u201900<br \/>\n14. Charlemagne 2\u201920<br \/>\n15. Le bourgmestre 1\u201932<br \/>\n16. Les villes 2\u201913<br \/>\n17. Elsa 2\u201939<br \/>\n18. La c\u00e9r\u00e9monie 3\u201905<\/p>\n<p><b> Le R\u00e9vizor (2005)<\/b><\/p>\n<p>19. Vous avouerez ** 1\u201947<br \/>\n<span style=\"color: #ff0000;\">20. <\/span> Salomon 1\u201940<audio class=\"gk-audio-shortcode\" id=\"audio-202-3\" preload=\"none\" style=\"width: 100%;\" controls=\"controls\"><source type=\"audio\/mpeg\" src=\"http:\/\/www.arthurbesson.ch\/contenusgk\/uploads\/2015\/09\/piste_20.mp3?_=3\" \/><a href=\"http:\/\/www.arthurbesson.ch\/contenusgk\/uploads\/2015\/09\/piste_20.mp3\">http:\/\/www.arthurbesson.ch\/contenusgk\/uploads\/2015\/09\/piste_20.mp3<\/a><\/audio>21. Les filous ** 1\u201942<br \/>\n22. Le dandy ** 1\u201951<br \/>\n23. Non mais des fois ** 2\u201952<br \/>\n24. L\u2019hospitalit\u00e9 ** 2\u201908<br \/>\n25. La bariol\u00e9e ** 2\u201922<br \/>\n26. Monsieur me croira-t-il ? ** 0\u201958<br \/>\n27. Qu\u2019il est mignon ** 2\u201908<br \/>\n28. Toutes deux ** 0\u201957<br \/>\n<span style=\"color: #ff0000;\">29. <\/span> Les marchands 1\u201956<audio class=\"gk-audio-shortcode\" id=\"audio-202-4\" preload=\"none\" style=\"width: 100%;\" controls=\"controls\"><source type=\"audio\/mpeg\" src=\"http:\/\/www.arthurbesson.ch\/contenusgk\/uploads\/2015\/09\/piste_29.mp3?_=4\" \/><a href=\"http:\/\/www.arthurbesson.ch\/contenusgk\/uploads\/2015\/09\/piste_29.mp3\">http:\/\/www.arthurbesson.ch\/contenusgk\/uploads\/2015\/09\/piste_29.mp3<\/a><\/audio>30. L\u2019amour ** 1\u201924<br \/>\n31. Donnez-la moi ** 2\u201905<br \/>\n32. Ce n\u2019est pas une vie ** 1\u201933<br \/>\n33. Mon v\u0153u se r\u00e9alise ** 1\u201936<br \/>\n34. La chute 1\u201943<br \/>\n35. Le final 2\u201919<\/p>\n<hr \/>\n<p><b>Compositions et arrangements : Arthur Besson<\/b><br \/>\nsauf<br \/>\n<b>* (Marc Barnaud \/Arthur Besson<br \/>\n**(Textes de R\u00e9mi De Vos)<\/b><\/p>\n<hr \/>\n<p><b>Cr\u00e9dits :<\/b><\/p>\n<p>Marc Barnaud : clarinette en Bb, percussions, harmonica glass, xylo de verre, glockenspiel, ghunzeng, psalt\u00e9rion<br \/>\nArthur Besson : guitare \/ looper, guitare fretless, clarinette basse, clarinette en Bb, banjo, accord\u00e9on<br \/>\nMarc Chouppart : Le Bourgmestre (N\u00b0 19, 21, 23, 24, 26, 31, 33)<br \/>\nJuliette Plumecocq-Mech : Khlestakov (N\u00b0 22, 23, 24, 28, 31) tuba (No 25)<br \/>\nEmeline Bayart : Anna Andreevna (N\u00b0 25, 27, 31, 32)<br \/>\nAm\u00e9lie Denari\u00e9 : Maria Antonovna (N\u00b0 25, 27, 30) accord\u00e9on (N\u00b0 19, 35)<br \/>\nDenis Falk : harmonium (N\u00b0 27, 31, 33)<br \/>\nLes choeurs (19, 21) ont \u00e9t\u00e9 r\u00e9enregistr\u00e9s avec Sibylle Blanc, St\u00e9phanie Devaud, Eleonora de Souza, Arthur Besson, St\u00e9phane Blok et G\u00e9rald Perera<br \/>\nEnregistrements : Arthur Besson \/ Th\u00e9\u00e2tre du Peuple \/ ao\u00fbt 2003, 2004 et 2005<br \/>\nMixage : Philippe de Rham \/ Evgueni Studio -Lausanne \/ juillet 2006<br \/>\nMastering : Philippe de Rham &amp; St\u00e9phane Blok \/ Studio Artefax -Lausanne\/ ao\u00fbt 2006<\/p>\n","protected":false},"excerpt":{"rendered":"<p>Musiques pour le Peuple (2006) DT 6990 &#8211; Acheter l\u2019album en ligne Musiques pour le metteur en sc\u00e8ne Christophe Rauck Spectacles cr\u00e9\u00e9s en juillet 2003, 2004 et 2005 au Th\u00e9\u00e2tre du Peuple de Bussang La Vie de Galil\u00e9e (2004) 1. Et maintenant\u2026* 1\u201951 2. La pomme 2\u2019303. Gratia dei 2\u201902 4. Le Saint-Office 1\u201918 5. [&hellip;]<\/p>\n","protected":false},"author":384727,"featured_media":0,"parent":178,"menu_order":2,"comment_status":"closed","ping_status":"closed","template":"page-templates\/full-width-page.php","meta":{"footnotes":""},"class_list":["post-202","page","type-page","status-publish","hentry"],"seo_gk_head":"<!-- This site is optimized with the Yoast SEO plugin v27.5 - https:\/\/yoast.com\/product\/yoast-seo-wordpress\/ -->\n<title>Musiques pour le Peuple -<\/title>\n<meta name=\"robots\" content=\"index, follow, max-snippet:-1, max-image-preview:large, max-video-preview:-1\" \/>\n<link rel=\"canonical\" href=\"https:\/\/arthurbesson.ch\/discographie\/musiques-pour-le-peuple\/\" \/>\n<meta property=\"og:locale\" content=\"fr_FR\" \/>\n<meta property=\"og:type\" content=\"article\" \/>\n<meta property=\"og:title\" content=\"Musiques pour le Peuple -\" \/>\n<meta property=\"og:description\" content=\"Musiques pour le Peuple (2006) DT 6990 &#8211; Acheter l\u2019album en ligne Musiques pour le metteur en sc\u00e8ne Christophe Rauck Spectacles cr\u00e9\u00e9s en juillet 2003, 2004 et 2005 au Th\u00e9\u00e2tre du Peuple de Bussang La Vie de Galil\u00e9e (2004) 1. Et maintenant\u2026* 1\u201951 2. La pomme 2\u2019303. Gratia dei 2\u201902 4. Le Saint-Office 1\u201918 5. [&hellip;]\" \/>\n<meta property=\"og:url\" content=\"https:\/\/arthurbesson.ch\/discographie\/musiques-pour-le-peuple\/\" \/>\n<meta property=\"article:modified_time\" content=\"2016-10-03T08:16:41+00:00\" \/>\n<meta property=\"og:image\" content=\"http:\/\/www.arthurbesson.ch\/contenusgk\/uploads\/2015\/09\/musiques_peuple-150x150.jpg\" \/>\n<meta name=\"twitter:card\" content=\"summary_large_image\" \/>\n<meta name=\"twitter:label1\" content=\"Dur\u00e9e de lecture estim\u00e9e\" \/>\n\t<meta name=\"twitter:data1\" content=\"2 minutes\" \/>\n<script type=\"application\/ld+json\" class=\"seo_gk-schema-graph\">{\"@context\":\"https:\\\/\\\/schema.org\",\"@graph\":[{\"@type\":\"WebPage\",\"@id\":\"https:\\\/\\\/arthurbesson.ch\\\/discographie\\\/musiques-pour-le-peuple\\\/\",\"url\":\"https:\\\/\\\/arthurbesson.ch\\\/discographie\\\/musiques-pour-le-peuple\\\/\",\"name\":\"Musiques pour le Peuple -\",\"isPartOf\":{\"@id\":\"https:\\\/\\\/arthurbesson.ch\\\/#website\"},\"primaryImageOfPage\":{\"@id\":\"https:\\\/\\\/arthurbesson.ch\\\/discographie\\\/musiques-pour-le-peuple\\\/#primaryimage\"},\"image\":{\"@id\":\"https:\\\/\\\/arthurbesson.ch\\\/discographie\\\/musiques-pour-le-peuple\\\/#primaryimage\"},\"thumbnailUrl\":\"http:\\\/\\\/www.arthurbesson.ch\\\/contenusgk\\\/uploads\\\/2015\\\/09\\\/musiques_peuple-150x150.jpg\",\"datePublished\":\"2015-09-25T11:08:37+00:00\",\"dateModified\":\"2016-10-03T08:16:41+00:00\",\"breadcrumb\":{\"@id\":\"https:\\\/\\\/arthurbesson.ch\\\/discographie\\\/musiques-pour-le-peuple\\\/#breadcrumb\"},\"inLanguage\":\"fr-FR\",\"potentialAction\":[{\"@type\":\"ReadAction\",\"target\":[\"https:\\\/\\\/arthurbesson.ch\\\/discographie\\\/musiques-pour-le-peuple\\\/\"]}]},{\"@type\":\"ImageObject\",\"inLanguage\":\"fr-FR\",\"@id\":\"https:\\\/\\\/arthurbesson.ch\\\/discographie\\\/musiques-pour-le-peuple\\\/#primaryimage\",\"url\":\"http:\\\/\\\/www.arthurbesson.ch\\\/contenusgk\\\/uploads\\\/2015\\\/09\\\/musiques_peuple-150x150.jpg\",\"contentUrl\":\"http:\\\/\\\/www.arthurbesson.ch\\\/contenusgk\\\/uploads\\\/2015\\\/09\\\/musiques_peuple-150x150.jpg\"},{\"@type\":\"BreadcrumbList\",\"@id\":\"https:\\\/\\\/arthurbesson.ch\\\/discographie\\\/musiques-pour-le-peuple\\\/#breadcrumb\",\"itemListElement\":[{\"@type\":\"ListItem\",\"position\":1,\"name\":\"Accueil\",\"item\":\"https:\\\/\\\/arthurbesson.ch\\\/\"},{\"@type\":\"ListItem\",\"position\":2,\"name\":\"DISCOGRAPHIE\",\"item\":\"https:\\\/\\\/arthurbesson.ch\\\/discographie\\\/\"},{\"@type\":\"ListItem\",\"position\":3,\"name\":\"Musiques pour le Peuple\"}]},{\"@type\":\"WebSite\",\"@id\":\"https:\\\/\\\/arthurbesson.ch\\\/#website\",\"url\":\"https:\\\/\\\/arthurbesson.ch\\\/\",\"name\":\"\",\"description\":\"Musicien multi-instrumentiste, compositeur, arrangeur\",\"publisher\":{\"@id\":\"https:\\\/\\\/arthurbesson.ch\\\/#organization\"},\"potentialAction\":[{\"@type\":\"SearchAction\",\"target\":{\"@type\":\"EntryPoint\",\"urlTemplate\":\"https:\\\/\\\/arthurbesson.ch\\\/?s={search_term_string}\"},\"query-input\":{\"@type\":\"PropertyValueSpecification\",\"valueRequired\":true,\"valueName\":\"search_term_string\"}}],\"inLanguage\":\"fr-FR\"},{\"@type\":\"Organization\",\"@id\":\"https:\\\/\\\/arthurbesson.ch\\\/#organization\",\"name\":\"ARTHUR BESSON\",\"url\":\"https:\\\/\\\/arthurbesson.ch\\\/\",\"logo\":{\"@type\":\"ImageObject\",\"inLanguage\":\"fr-FR\",\"@id\":\"https:\\\/\\\/arthurbesson.ch\\\/#\\\/schema\\\/logo\\\/image\\\/\",\"url\":\"https:\\\/\\\/arthurbesson.ch\\\/contenusgk\\\/uploads\\\/2015\\\/09\\\/logo.jpg\",\"contentUrl\":\"https:\\\/\\\/arthurbesson.ch\\\/contenusgk\\\/uploads\\\/2015\\\/09\\\/logo.jpg\",\"width\":360,\"height\":220,\"caption\":\"ARTHUR BESSON\"},\"image\":{\"@id\":\"https:\\\/\\\/arthurbesson.ch\\\/#\\\/schema\\\/logo\\\/image\\\/\"},\"sameAs\":[\"https:\\\/\\\/www.youtube.com\\\/channel\\\/UC3cnb4GryUX_GBa3sXz95PQ\"]}]}<\/script>\n<!-- \/ Yoast SEO plugin. -->","seo_gk_head_json":{"title":"Musiques pour le Peuple -","robots":{"index":"index","follow":"follow","max-snippet":"max-snippet:-1","max-image-preview":"max-image-preview:large","max-video-preview":"max-video-preview:-1"},"canonical":"https:\/\/arthurbesson.ch\/discographie\/musiques-pour-le-peuple\/","og_locale":"fr_FR","og_type":"article","og_title":"Musiques pour le Peuple -","og_description":"Musiques pour le Peuple (2006) DT 6990 &#8211; Acheter l\u2019album en ligne Musiques pour le metteur en sc\u00e8ne Christophe Rauck Spectacles cr\u00e9\u00e9s en juillet 2003, 2004 et 2005 au Th\u00e9\u00e2tre du Peuple de Bussang La Vie de Galil\u00e9e (2004) 1. Et maintenant\u2026* 1\u201951 2. La pomme 2\u2019303. Gratia dei 2\u201902 4. Le Saint-Office 1\u201918 5. [&hellip;]","og_url":"https:\/\/arthurbesson.ch\/discographie\/musiques-pour-le-peuple\/","article_modified_time":"2016-10-03T08:16:41+00:00","og_image":[{"url":"http:\/\/www.arthurbesson.ch\/contenusgk\/uploads\/2015\/09\/musiques_peuple-150x150.jpg","type":"","width":"","height":""}],"twitter_card":"summary_large_image","twitter_misc":{"Dur\u00e9e de lecture estim\u00e9e":"2 minutes"},"schema":{"@context":"https:\/\/schema.org","@graph":[{"@type":"WebPage","@id":"https:\/\/arthurbesson.ch\/discographie\/musiques-pour-le-peuple\/","url":"https:\/\/arthurbesson.ch\/discographie\/musiques-pour-le-peuple\/","name":"Musiques pour le Peuple -","isPartOf":{"@id":"https:\/\/arthurbesson.ch\/#website"},"primaryImageOfPage":{"@id":"https:\/\/arthurbesson.ch\/discographie\/musiques-pour-le-peuple\/#primaryimage"},"image":{"@id":"https:\/\/arthurbesson.ch\/discographie\/musiques-pour-le-peuple\/#primaryimage"},"thumbnailUrl":"http:\/\/www.arthurbesson.ch\/contenusgk\/uploads\/2015\/09\/musiques_peuple-150x150.jpg","datePublished":"2015-09-25T11:08:37+00:00","dateModified":"2016-10-03T08:16:41+00:00","breadcrumb":{"@id":"https:\/\/arthurbesson.ch\/discographie\/musiques-pour-le-peuple\/#breadcrumb"},"inLanguage":"fr-FR","potentialAction":[{"@type":"ReadAction","target":["https:\/\/arthurbesson.ch\/discographie\/musiques-pour-le-peuple\/"]}]},{"@type":"ImageObject","inLanguage":"fr-FR","@id":"https:\/\/arthurbesson.ch\/discographie\/musiques-pour-le-peuple\/#primaryimage","url":"http:\/\/www.arthurbesson.ch\/contenusgk\/uploads\/2015\/09\/musiques_peuple-150x150.jpg","contentUrl":"http:\/\/www.arthurbesson.ch\/contenusgk\/uploads\/2015\/09\/musiques_peuple-150x150.jpg"},{"@type":"BreadcrumbList","@id":"https:\/\/arthurbesson.ch\/discographie\/musiques-pour-le-peuple\/#breadcrumb","itemListElement":[{"@type":"ListItem","position":1,"name":"Accueil","item":"https:\/\/arthurbesson.ch\/"},{"@type":"ListItem","position":2,"name":"DISCOGRAPHIE","item":"https:\/\/arthurbesson.ch\/discographie\/"},{"@type":"ListItem","position":3,"name":"Musiques pour le Peuple"}]},{"@type":"WebSite","@id":"https:\/\/arthurbesson.ch\/#website","url":"https:\/\/arthurbesson.ch\/","name":"","description":"Musicien multi-instrumentiste, compositeur, arrangeur","publisher":{"@id":"https:\/\/arthurbesson.ch\/#organization"},"potentialAction":[{"@type":"SearchAction","target":{"@type":"EntryPoint","urlTemplate":"https:\/\/arthurbesson.ch\/?s={search_term_string}"},"query-input":{"@type":"PropertyValueSpecification","valueRequired":true,"valueName":"search_term_string"}}],"inLanguage":"fr-FR"},{"@type":"Organization","@id":"https:\/\/arthurbesson.ch\/#organization","name":"ARTHUR BESSON","url":"https:\/\/arthurbesson.ch\/","logo":{"@type":"ImageObject","inLanguage":"fr-FR","@id":"https:\/\/arthurbesson.ch\/#\/schema\/logo\/image\/","url":"https:\/\/arthurbesson.ch\/contenusgk\/uploads\/2015\/09\/logo.jpg","contentUrl":"https:\/\/arthurbesson.ch\/contenusgk\/uploads\/2015\/09\/logo.jpg","width":360,"height":220,"caption":"ARTHUR BESSON"},"image":{"@id":"https:\/\/arthurbesson.ch\/#\/schema\/logo\/image\/"},"sameAs":["https:\/\/www.youtube.com\/channel\/UC3cnb4GryUX_GBa3sXz95PQ"]}]}},"_links":{"self":[{"href":"https:\/\/arthurbesson.ch\/api-json-gk\/wp\/v2\/pages\/202","targetHints":{"allow":["GET"]}}],"collection":[{"href":"https:\/\/arthurbesson.ch\/api-json-gk\/wp\/v2\/pages"}],"about":[{"href":"https:\/\/arthurbesson.ch\/api-json-gk\/wp\/v2\/types\/page"}],"author":[{"embeddable":true,"href":"https:\/\/arthurbesson.ch\/api-json-gk\/wp\/v2\/users\/384727"}],"replies":[{"embeddable":true,"href":"https:\/\/arthurbesson.ch\/api-json-gk\/wp\/v2\/comments?post=202"}],"version-history":[{"count":0,"href":"https:\/\/arthurbesson.ch\/api-json-gk\/wp\/v2\/pages\/202\/revisions"}],"up":[{"embeddable":true,"href":"https:\/\/arthurbesson.ch\/api-json-gk\/wp\/v2\/pages\/178"}],"wp:attachment":[{"href":"https:\/\/arthurbesson.ch\/api-json-gk\/wp\/v2\/media?parent=202"}],"curies":[{"name":"wp","href":"https:\/\/api.w.org\/{rel}","templated":true}]}}