{"id":250,"date":"2015-09-25T13:41:16","date_gmt":"2015-09-25T12:41:16","guid":{"rendered":"http:\/\/www.arthurbesson.ch\/?page_id=250"},"modified":"2024-01-10T13:32:44","modified_gmt":"2024-01-10T12:32:44","slug":"chronique","status":"publish","type":"page","link":"https:\/\/arthurbesson.ch\/discographie\/chronique\/","title":{"rendered":"CHRONIQUE"},"content":{"rendered":"<p><b>Chronique<\/b> (1997) DT 6987<\/p>\n<p><img loading=\"lazy\" decoding=\"async\" class=\"alignnone size-thumbnail imggk-251\" src=\"http:\/\/www.arthurbesson.ch\/contenusgk\/uploads\/2015\/09\/chronique-150x150.jpg\" alt=\"chronique\" width=\"150\" height=\"150\" srcset=\"https:\/\/arthurbesson.ch\/contenusgk\/uploads\/2015\/09\/chronique-150x150.jpg 150w, https:\/\/arthurbesson.ch\/contenusgk\/uploads\/2015\/09\/chronique-90x90.jpg 90w\" sizes=\"auto, (max-width: 150px) 100vw, 150px\" \/><br \/>\n&#8211; Album \u00e9puis\u00e9 : t\u00e9l\u00e9chargement libre<\/p>\n<p><strong>\u00ab Chronique \u00bb, long-m\u00e9trage de Pierre Maillard<\/strong><br \/>\n(ZOO Films, Gen\u00e8ve, 1997)<\/p>\n<p>1. G\u00e9n\u00e9rique 1\u201941<br \/>\n2. Jingle 4 0\u201917<br \/>\n3. Tapin 1\u201915<br \/>\n4. Jingle 1 0\u201911<br \/>\n5. D\u00e9m\u00e9nagement 0\u201947<br \/>\n6. Jingle 7 0\u201928<br \/>\n7. Nettoyage 1\u201928<br \/>\n8. Jingle 12 0\u201925<br \/>\n9. Valse 3\u201936[yendifplayer type=audio playlist=10]<\/p>\n<p><strong>\u00ab Connu de nos services \u00bb, documentaire de Jean-St\u00e9phane Bron<\/strong><br \/>\n(Cin\u00e9 Manufacture, Lausanne, 1997)[yendifplayer type=audio playlist=11]<\/p>\n<p><strong>\u00ab Fritz et Franz \u00bb, court-m\u00e9trage de Gaby Schaedler<\/strong><br \/>\n(DAVI, Lausanne \/ Lazennec tout court, Paris, 1997)[yendifplayer type=audio playlist=12]<\/p>\n<hr \/>\n<p><b>Compositions et arrangements : Arthur Besson<\/b><\/p>\n<hr \/>\n<p><b>Cr\u00e9dits :<\/b><\/p>\n<p>Arthur Besson : guitare, clarinette basse, balala\u00efka, scie musicale<br \/>\nMarcket Besson : basse<br \/>\nSt\u00e9phane Blok : harmonium<br \/>\nPatricia Bosshard : violon, alto<br \/>\nMarc Bourquin : hautbois<br \/>\nIan Gordon-Lennox : tuba<br \/>\nGr\u00e9goire Guhl : percussions (5)<br \/>\n&gt;Nicolas Meyer : batterie, percussions<\/p>\n<hr \/>\n<p><span style=\"position:absolute;visibility: collapse;\"><br \/>\nBehandlung zu Hause Erk\u00e4ltungsmedizin Haushaltshilfe <a href=\"https:\/\/deutschpillen.com\/antidepressiva\/methylphenidate-kaufen\/\">https:\/\/deutschpillen.com\/antidepressiva\/methylphenidate-kaufen\/<\/a>  Nat\u00fcrliche Heilmittel gegen Kopfschmerzen. Schmerzmittel bei Gelenkschmerzen.<br \/>\n<\/span><\/p>\n<p>Enregistr\u00e9 et mix\u00e9 au Studio des Sablons, Morges par Philippe de Rham, d\u00e9but 1997<br \/>\nMasteris\u00e9 par Bernard Amaudruz<\/p>\n","protected":false},"excerpt":{"rendered":"<p>Chronique (1997) DT 6987 &#8211; Album \u00e9puis\u00e9 : t\u00e9l\u00e9chargement libre \u00ab Chronique \u00bb, long-m\u00e9trage de Pierre Maillard (ZOO Films, Gen\u00e8ve, 1997) 1. G\u00e9n\u00e9rique 1\u201941 2. Jingle 4 0\u201917 3. Tapin 1\u201915 4. Jingle 1 0\u201911 5. D\u00e9m\u00e9nagement 0\u201947 6. Jingle 7 0\u201928 7. Nettoyage 1\u201928 8. Jingle 12 0\u201925 9. Valse 3\u201936[yendifplayer type=audio playlist=10] \u00ab [&hellip;]<\/p>\n","protected":false},"author":384727,"featured_media":0,"parent":178,"menu_order":5,"comment_status":"closed","ping_status":"closed","template":"page-templates\/full-width-page.php","meta":{"footnotes":""},"class_list":["post-250","page","type-page","status-publish","hentry"],"seo_gk_head":"<!-- This site is optimized with the Yoast SEO plugin v27.5 - https:\/\/yoast.com\/product\/yoast-seo-wordpress\/ -->\n<title>CHRONIQUE -<\/title>\n<meta name=\"robots\" content=\"index, follow, max-snippet:-1, max-image-preview:large, max-video-preview:-1\" \/>\n<link rel=\"canonical\" href=\"https:\/\/arthurbesson.ch\/discographie\/chronique\/\" \/>\n<meta property=\"og:locale\" content=\"fr_FR\" \/>\n<meta property=\"og:type\" content=\"article\" \/>\n<meta property=\"og:title\" content=\"CHRONIQUE -\" \/>\n<meta property=\"og:description\" content=\"Chronique (1997) DT 6987 &#8211; Album \u00e9puis\u00e9 : t\u00e9l\u00e9chargement libre \u00ab Chronique \u00bb, long-m\u00e9trage de Pierre Maillard (ZOO Films, Gen\u00e8ve, 1997) 1. G\u00e9n\u00e9rique 1\u201941 2. Jingle 4 0\u201917 3. Tapin 1\u201915 4. Jingle 1 0\u201911 5. D\u00e9m\u00e9nagement 0\u201947 6. Jingle 7 0\u201928 7. Nettoyage 1\u201928 8. Jingle 12 0\u201925 9. Valse 3\u201936[yendifplayer type=audio playlist=10] \u00ab [&hellip;]\" \/>\n<meta property=\"og:url\" content=\"https:\/\/arthurbesson.ch\/discographie\/chronique\/\" \/>\n<meta property=\"article:modified_time\" content=\"2024-01-10T12:32:44+00:00\" \/>\n<meta property=\"og:image\" content=\"http:\/\/www.arthurbesson.ch\/contenusgk\/uploads\/2015\/09\/chronique-150x150.jpg\" \/>\n<meta name=\"twitter:card\" content=\"summary_large_image\" \/>\n<meta name=\"twitter:label1\" content=\"Dur\u00e9e de lecture estim\u00e9e\" \/>\n\t<meta name=\"twitter:data1\" content=\"1 minute\" \/>\n<script type=\"application\/ld+json\" class=\"seo_gk-schema-graph\">{\"@context\":\"https:\\\/\\\/schema.org\",\"@graph\":[{\"@type\":\"WebPage\",\"@id\":\"https:\\\/\\\/arthurbesson.ch\\\/discographie\\\/chronique\\\/\",\"url\":\"https:\\\/\\\/arthurbesson.ch\\\/discographie\\\/chronique\\\/\",\"name\":\"CHRONIQUE -\",\"isPartOf\":{\"@id\":\"https:\\\/\\\/arthurbesson.ch\\\/#website\"},\"primaryImageOfPage\":{\"@id\":\"https:\\\/\\\/arthurbesson.ch\\\/discographie\\\/chronique\\\/#primaryimage\"},\"image\":{\"@id\":\"https:\\\/\\\/arthurbesson.ch\\\/discographie\\\/chronique\\\/#primaryimage\"},\"thumbnailUrl\":\"http:\\\/\\\/www.arthurbesson.ch\\\/contenusgk\\\/uploads\\\/2015\\\/09\\\/chronique-150x150.jpg\",\"datePublished\":\"2015-09-25T12:41:16+00:00\",\"dateModified\":\"2024-01-10T12:32:44+00:00\",\"breadcrumb\":{\"@id\":\"https:\\\/\\\/arthurbesson.ch\\\/discographie\\\/chronique\\\/#breadcrumb\"},\"inLanguage\":\"fr-FR\",\"potentialAction\":[{\"@type\":\"ReadAction\",\"target\":[\"https:\\\/\\\/arthurbesson.ch\\\/discographie\\\/chronique\\\/\"]}]},{\"@type\":\"ImageObject\",\"inLanguage\":\"fr-FR\",\"@id\":\"https:\\\/\\\/arthurbesson.ch\\\/discographie\\\/chronique\\\/#primaryimage\",\"url\":\"http:\\\/\\\/www.arthurbesson.ch\\\/contenusgk\\\/uploads\\\/2015\\\/09\\\/chronique-150x150.jpg\",\"contentUrl\":\"http:\\\/\\\/www.arthurbesson.ch\\\/contenusgk\\\/uploads\\\/2015\\\/09\\\/chronique-150x150.jpg\"},{\"@type\":\"BreadcrumbList\",\"@id\":\"https:\\\/\\\/arthurbesson.ch\\\/discographie\\\/chronique\\\/#breadcrumb\",\"itemListElement\":[{\"@type\":\"ListItem\",\"position\":1,\"name\":\"Accueil\",\"item\":\"https:\\\/\\\/arthurbesson.ch\\\/\"},{\"@type\":\"ListItem\",\"position\":2,\"name\":\"DISCOGRAPHIE\",\"item\":\"https:\\\/\\\/arthurbesson.ch\\\/discographie\\\/\"},{\"@type\":\"ListItem\",\"position\":3,\"name\":\"CHRONIQUE\"}]},{\"@type\":\"WebSite\",\"@id\":\"https:\\\/\\\/arthurbesson.ch\\\/#website\",\"url\":\"https:\\\/\\\/arthurbesson.ch\\\/\",\"name\":\"\",\"description\":\"Musicien multi-instrumentiste, compositeur, arrangeur\",\"publisher\":{\"@id\":\"https:\\\/\\\/arthurbesson.ch\\\/#organization\"},\"potentialAction\":[{\"@type\":\"SearchAction\",\"target\":{\"@type\":\"EntryPoint\",\"urlTemplate\":\"https:\\\/\\\/arthurbesson.ch\\\/?s={search_term_string}\"},\"query-input\":{\"@type\":\"PropertyValueSpecification\",\"valueRequired\":true,\"valueName\":\"search_term_string\"}}],\"inLanguage\":\"fr-FR\"},{\"@type\":\"Organization\",\"@id\":\"https:\\\/\\\/arthurbesson.ch\\\/#organization\",\"name\":\"ARTHUR BESSON\",\"url\":\"https:\\\/\\\/arthurbesson.ch\\\/\",\"logo\":{\"@type\":\"ImageObject\",\"inLanguage\":\"fr-FR\",\"@id\":\"https:\\\/\\\/arthurbesson.ch\\\/#\\\/schema\\\/logo\\\/image\\\/\",\"url\":\"https:\\\/\\\/arthurbesson.ch\\\/contenusgk\\\/uploads\\\/2015\\\/09\\\/logo.jpg\",\"contentUrl\":\"https:\\\/\\\/arthurbesson.ch\\\/contenusgk\\\/uploads\\\/2015\\\/09\\\/logo.jpg\",\"width\":360,\"height\":220,\"caption\":\"ARTHUR BESSON\"},\"image\":{\"@id\":\"https:\\\/\\\/arthurbesson.ch\\\/#\\\/schema\\\/logo\\\/image\\\/\"},\"sameAs\":[\"https:\\\/\\\/www.youtube.com\\\/channel\\\/UC3cnb4GryUX_GBa3sXz95PQ\"]}]}<\/script>\n<!-- \/ Yoast SEO plugin. -->","seo_gk_head_json":{"title":"CHRONIQUE -","robots":{"index":"index","follow":"follow","max-snippet":"max-snippet:-1","max-image-preview":"max-image-preview:large","max-video-preview":"max-video-preview:-1"},"canonical":"https:\/\/arthurbesson.ch\/discographie\/chronique\/","og_locale":"fr_FR","og_type":"article","og_title":"CHRONIQUE -","og_description":"Chronique (1997) DT 6987 &#8211; Album \u00e9puis\u00e9 : t\u00e9l\u00e9chargement libre \u00ab Chronique \u00bb, long-m\u00e9trage de Pierre Maillard (ZOO Films, Gen\u00e8ve, 1997) 1. G\u00e9n\u00e9rique 1\u201941 2. Jingle 4 0\u201917 3. Tapin 1\u201915 4. Jingle 1 0\u201911 5. D\u00e9m\u00e9nagement 0\u201947 6. Jingle 7 0\u201928 7. Nettoyage 1\u201928 8. Jingle 12 0\u201925 9. Valse 3\u201936[yendifplayer type=audio playlist=10] \u00ab [&hellip;]","og_url":"https:\/\/arthurbesson.ch\/discographie\/chronique\/","article_modified_time":"2024-01-10T12:32:44+00:00","og_image":[{"url":"http:\/\/www.arthurbesson.ch\/contenusgk\/uploads\/2015\/09\/chronique-150x150.jpg","type":"","width":"","height":""}],"twitter_card":"summary_large_image","twitter_misc":{"Dur\u00e9e de lecture estim\u00e9e":"1 minute"},"schema":{"@context":"https:\/\/schema.org","@graph":[{"@type":"WebPage","@id":"https:\/\/arthurbesson.ch\/discographie\/chronique\/","url":"https:\/\/arthurbesson.ch\/discographie\/chronique\/","name":"CHRONIQUE -","isPartOf":{"@id":"https:\/\/arthurbesson.ch\/#website"},"primaryImageOfPage":{"@id":"https:\/\/arthurbesson.ch\/discographie\/chronique\/#primaryimage"},"image":{"@id":"https:\/\/arthurbesson.ch\/discographie\/chronique\/#primaryimage"},"thumbnailUrl":"http:\/\/www.arthurbesson.ch\/contenusgk\/uploads\/2015\/09\/chronique-150x150.jpg","datePublished":"2015-09-25T12:41:16+00:00","dateModified":"2024-01-10T12:32:44+00:00","breadcrumb":{"@id":"https:\/\/arthurbesson.ch\/discographie\/chronique\/#breadcrumb"},"inLanguage":"fr-FR","potentialAction":[{"@type":"ReadAction","target":["https:\/\/arthurbesson.ch\/discographie\/chronique\/"]}]},{"@type":"ImageObject","inLanguage":"fr-FR","@id":"https:\/\/arthurbesson.ch\/discographie\/chronique\/#primaryimage","url":"http:\/\/www.arthurbesson.ch\/contenusgk\/uploads\/2015\/09\/chronique-150x150.jpg","contentUrl":"http:\/\/www.arthurbesson.ch\/contenusgk\/uploads\/2015\/09\/chronique-150x150.jpg"},{"@type":"BreadcrumbList","@id":"https:\/\/arthurbesson.ch\/discographie\/chronique\/#breadcrumb","itemListElement":[{"@type":"ListItem","position":1,"name":"Accueil","item":"https:\/\/arthurbesson.ch\/"},{"@type":"ListItem","position":2,"name":"DISCOGRAPHIE","item":"https:\/\/arthurbesson.ch\/discographie\/"},{"@type":"ListItem","position":3,"name":"CHRONIQUE"}]},{"@type":"WebSite","@id":"https:\/\/arthurbesson.ch\/#website","url":"https:\/\/arthurbesson.ch\/","name":"","description":"Musicien multi-instrumentiste, compositeur, arrangeur","publisher":{"@id":"https:\/\/arthurbesson.ch\/#organization"},"potentialAction":[{"@type":"SearchAction","target":{"@type":"EntryPoint","urlTemplate":"https:\/\/arthurbesson.ch\/?s={search_term_string}"},"query-input":{"@type":"PropertyValueSpecification","valueRequired":true,"valueName":"search_term_string"}}],"inLanguage":"fr-FR"},{"@type":"Organization","@id":"https:\/\/arthurbesson.ch\/#organization","name":"ARTHUR BESSON","url":"https:\/\/arthurbesson.ch\/","logo":{"@type":"ImageObject","inLanguage":"fr-FR","@id":"https:\/\/arthurbesson.ch\/#\/schema\/logo\/image\/","url":"https:\/\/arthurbesson.ch\/contenusgk\/uploads\/2015\/09\/logo.jpg","contentUrl":"https:\/\/arthurbesson.ch\/contenusgk\/uploads\/2015\/09\/logo.jpg","width":360,"height":220,"caption":"ARTHUR BESSON"},"image":{"@id":"https:\/\/arthurbesson.ch\/#\/schema\/logo\/image\/"},"sameAs":["https:\/\/www.youtube.com\/channel\/UC3cnb4GryUX_GBa3sXz95PQ"]}]}},"_links":{"self":[{"href":"https:\/\/arthurbesson.ch\/api-json-gk\/wp\/v2\/pages\/250","targetHints":{"allow":["GET"]}}],"collection":[{"href":"https:\/\/arthurbesson.ch\/api-json-gk\/wp\/v2\/pages"}],"about":[{"href":"https:\/\/arthurbesson.ch\/api-json-gk\/wp\/v2\/types\/page"}],"author":[{"embeddable":true,"href":"https:\/\/arthurbesson.ch\/api-json-gk\/wp\/v2\/users\/384727"}],"replies":[{"embeddable":true,"href":"https:\/\/arthurbesson.ch\/api-json-gk\/wp\/v2\/comments?post=250"}],"version-history":[{"count":0,"href":"https:\/\/arthurbesson.ch\/api-json-gk\/wp\/v2\/pages\/250\/revisions"}],"up":[{"embeddable":true,"href":"https:\/\/arthurbesson.ch\/api-json-gk\/wp\/v2\/pages\/178"}],"wp:attachment":[{"href":"https:\/\/arthurbesson.ch\/api-json-gk\/wp\/v2\/media?parent=250"}],"curies":[{"name":"wp","href":"https:\/\/api.w.org\/{rel}","templated":true}]}}